{"id":620,"date":"2025-03-10T12:49:33","date_gmt":"2025-03-10T11:49:33","guid":{"rendered":"https:\/\/jarabedemicro.com\/?page_id=620"},"modified":"2025-03-28T12:16:46","modified_gmt":"2025-03-28T11:16:46","slug":"episodio-5x01","status":"publish","type":"page","link":"https:\/\/jarabedemicro.com\/index.php\/episodio-5x01\/","title":{"rendered":"Episodio 5&#215;01"},"content":{"rendered":"\n<p>Hoy charlamos con Daniel D\u00edez, director editorial de <a href=\"https:\/\/www.cartemcomics.com\/\" target=\"_blank\" rel=\"noreferrer noopener\">Cartem C\u00f3mics<\/a>, de c\u00f3mics y de mucho m\u00e1s.<\/p>\n\n\n\n<figure class=\"wp-block-image size-full\"><a href=\"https:\/\/www.cartemcomics.com\/\" target=\"_blank\" rel=\" noreferrer noopener\"><img loading=\"lazy\" decoding=\"async\" width=\"150\" height=\"150\" src=\"https:\/\/jarabedemicro.com\/wp-content\/uploads\/2025\/03\/CARTEMCOMICS_LOGO.png\" alt=\"\" class=\"wp-image-622\"\/><\/a><\/figure>\n<div class=\"powerpress_player\" id=\"powerpress_player_5419\"><audio class=\"wp-audio-shortcode\" id=\"audio-620-1\" preload=\"none\" style=\"width: 100%;\" controls=\"controls\"><source type=\"audio\/mpeg\" src=\"https:\/\/jarabedemicro.com\/wp-content\/uploads\/podcast\/EPISODIO_5X01.mp3?_=1\" \/><a href=\"https:\/\/jarabedemicro.com\/wp-content\/uploads\/podcast\/EPISODIO_5X01.mp3\">https:\/\/jarabedemicro.com\/wp-content\/uploads\/podcast\/EPISODIO_5X01.mp3<\/a><\/audio><\/div><p class=\"powerpress_links powerpress_links_mp3\" style=\"margin-bottom: 1px !important;\">Podcast: <a href=\"https:\/\/jarabedemicro.com\/wp-content\/uploads\/podcast\/EPISODIO_5X01.mp3\" class=\"powerpress_link_pinw\" target=\"_blank\" title=\"Reproducir en una nueva ventana\" onclick=\"return powerpress_pinw('https:\/\/jarabedemicro.com\/?powerpress_pinw=620-podcast');\" rel=\"nofollow\">Reproducir en una nueva ventana<\/a> | <a href=\"https:\/\/jarabedemicro.com\/wp-content\/uploads\/podcast\/EPISODIO_5X01.mp3\" class=\"powerpress_link_d\" title=\"Descargar\" rel=\"nofollow\" download=\"EPISODIO_5X01.mp3\">Descargar<\/a><\/p>","protected":false},"excerpt":{"rendered":"<p>Hoy charlamos con Daniel D\u00edez, director editorial de Cartem C\u00f3mics, de c\u00f3mics y de mucho m\u00e1s.<\/p>\n","protected":false},"author":1,"featured_media":0,"parent":0,"menu_order":0,"comment_status":"closed","ping_status":"closed","template":"","meta":{"_monsterinsights_skip_tracking":false,"_monsterinsights_sitenote_active":false,"_monsterinsights_sitenote_note":"","_monsterinsights_sitenote_category":0,"footnotes":""},"class_list":["post-620","page","type-page","status-publish"],"_links":{"self":[{"href":"https:\/\/jarabedemicro.com\/index.php\/wp-json\/wp\/v2\/pages\/620","targetHints":{"allow":["GET"]}}],"collection":[{"href":"https:\/\/jarabedemicro.com\/index.php\/wp-json\/wp\/v2\/pages"}],"about":[{"href":"https:\/\/jarabedemicro.com\/index.php\/wp-json\/wp\/v2\/types\/page"}],"author":[{"embeddable":true,"href":"https:\/\/jarabedemicro.com\/index.php\/wp-json\/wp\/v2\/users\/1"}],"replies":[{"embeddable":true,"href":"https:\/\/jarabedemicro.com\/index.php\/wp-json\/wp\/v2\/comments?post=620"}],"version-history":[{"count":4,"href":"https:\/\/jarabedemicro.com\/index.php\/wp-json\/wp\/v2\/pages\/620\/revisions"}],"predecessor-version":[{"id":645,"href":"https:\/\/jarabedemicro.com\/index.php\/wp-json\/wp\/v2\/pages\/620\/revisions\/645"}],"wp:attachment":[{"href":"https:\/\/jarabedemicro.com\/index.php\/wp-json\/wp\/v2\/media?parent=620"}],"curies":[{"name":"wp","href":"https:\/\/api.w.org\/{rel}","templated":true}]}}